{"id":786,"date":"2024-09-12T17:09:32","date_gmt":"2024-09-12T15:09:32","guid":{"rendered":"https:\/\/eustaches.com\/?page_id=786"},"modified":"2025-08-11T09:17:16","modified_gmt":"2025-08-11T07:17:16","slug":"tarifs-location-salles","status":"publish","type":"page","link":"https:\/\/eustaches.com\/index.php\/tarifs-location-salles\/","title":{"rendered":"Tarifs Location Salles"},"content":{"rendered":"\n<p>Tarif au 01\/08\/2025<\/p>\n\n\n\n<p><strong>Sur r\u00e9servation<\/strong><\/p>\n\n\n\n<h2 class=\"wp-block-heading\">Salle Polyvalente<\/h2>\n\n\n\n<ul class=\"wp-block-list\">\n<li>Acc\u00e8s depuis la Place L\u00e9opold Blanc<\/li>\n\n\n\n<li>Tableau noir et paperboard<\/li>\n\n\n\n<li>10 personnes<\/li>\n\n\n\n<li>\/!\\ Pas d&rsquo;acc\u00e8s Wi-Fi (le r\u00e9seau passe, possible d&rsquo;utiliser ses donn\u00e9es mobiles)<\/li>\n<\/ul>\n\n\n\n<figure class=\"wp-block-table\"><table class=\"has-fixed-layout\"><tbody><tr><td>Heure<\/td><td>25\u20ac<\/td><\/tr><tr><td>Demi-journ\u00e9e (3 heures)<\/td><td>60\u20ac<\/td><\/tr><tr><td>Journ\u00e9e (6 heures)<\/td><td>100\u20ac<\/td><\/tr><\/tbody><\/table><figcaption class=\"wp-element-caption\">Tarif TTC<\/figcaption><\/figure>\n\n\n\n<h2 class=\"wp-block-heading\"><s>Salle du Fond <\/s>&#8211; <mark style=\"background-color:rgba(0, 0, 0, 0)\" class=\"has-inline-color has-luminous-vivid-orange-color\">Momentan\u00e9ment indisponible<\/mark><\/h2>\n\n\n\n<ul class=\"wp-block-list\">\n<li>Acc\u00e8s depuis l&rsquo;EVS<\/li>\n\n\n\n<li>Petit tableau blanc et paperboard<\/li>\n\n\n\n<li>Toilette<\/li>\n\n\n\n<li>6 personnes<\/li>\n\n\n\n<li>Acc\u00e8s Wi-Fi<\/li>\n<\/ul>\n\n\n\n<figure class=\"wp-block-table\"><table class=\"has-fixed-layout\"><tbody><tr><td>Heure<\/td><td>15\u20ac<\/td><\/tr><tr><td>Demi-journ\u00e9e (3 heures)<\/td><td>40\u20ac<\/td><\/tr><tr><td>Journ\u00e9e (6 heures)<\/td><td>70\u20ac<\/td><\/tr><\/tbody><\/table><figcaption class=\"wp-element-caption\">Tarif TTC<\/figcaption><\/figure>\n\n\n\n<hr class=\"wp-block-separator has-alpha-channel-opacity\"\/>\n\n\n\n<p>Si utilisation r\u00e9guli\u00e8re, un tarif \u00ab\u00a0fid\u00e9lit\u00e9\u00a0\u00bb est n\u00e9gociable.<\/p>\n","protected":false},"excerpt":{"rendered":"<p>Tarif au 01\/08\/2025 Sur r\u00e9servation Salle Polyvalente Heure 25\u20ac Demi-journ\u00e9e (3 heures) 60\u20ac Journ\u00e9e (6 heures) 100\u20ac Tarif TTC Salle du Fond &#8211; Momentan\u00e9ment indisponible Heure 15\u20ac Demi-journ\u00e9e (3 heures) 40\u20ac Journ\u00e9e (6 heures) 70\u20ac Tarif TTC Si utilisation r\u00e9guli\u00e8re, un tarif \u00ab\u00a0fid\u00e9lit\u00e9\u00a0\u00bb est n\u00e9gociable.<\/p>\n","protected":false},"author":3,"featured_media":0,"parent":0,"menu_order":0,"comment_status":"closed","ping_status":"closed","template":"","meta":{"footnotes":""},"class_list":["post-786","page","type-page","status-publish","hentry"],"_links":{"self":[{"href":"https:\/\/eustaches.com\/index.php\/wp-json\/wp\/v2\/pages\/786","targetHints":{"allow":["GET"]}}],"collection":[{"href":"https:\/\/eustaches.com\/index.php\/wp-json\/wp\/v2\/pages"}],"about":[{"href":"https:\/\/eustaches.com\/index.php\/wp-json\/wp\/v2\/types\/page"}],"author":[{"embeddable":true,"href":"https:\/\/eustaches.com\/index.php\/wp-json\/wp\/v2\/users\/3"}],"replies":[{"embeddable":true,"href":"https:\/\/eustaches.com\/index.php\/wp-json\/wp\/v2\/comments?post=786"}],"version-history":[{"count":5,"href":"https:\/\/eustaches.com\/index.php\/wp-json\/wp\/v2\/pages\/786\/revisions"}],"predecessor-version":[{"id":1020,"href":"https:\/\/eustaches.com\/index.php\/wp-json\/wp\/v2\/pages\/786\/revisions\/1020"}],"wp:attachment":[{"href":"https:\/\/eustaches.com\/index.php\/wp-json\/wp\/v2\/media?parent=786"}],"curies":[{"name":"wp","href":"https:\/\/api.w.org\/{rel}","templated":true}]}}